{"id":313,"date":"2026-07-22T16:03:44","date_gmt":"2026-07-22T14:03:44","guid":{"rendered":"https:\/\/caro.stibinik.com\/recettes\/porridge-de-quinua-con-membrillo\/"},"modified":"2026-07-23T16:57:54","modified_gmt":"2026-07-23T14:57:54","slug":"porridge-de-quinua-con-membrillo","status":"publish","type":"ksf_recette","link":"https:\/\/caro.stibinik.com\/es\/recetas\/porridge-de-quinua-con-membrillo\/","title":{"rendered":"Porridge de quinua con membrillo"},"content":{"rendered":"<div class=\"ksf-fiche\"><ul class=\"ksf-fiche__chiffres\"><li><span class=\"ksf-fiche__label\">Raciones<\/span><span class=\"ksf-fiche__valeur\">2 raciones<\/span><\/li><li><span class=\"ksf-fiche__label\">Preparaci\u00f3n<\/span><span class=\"ksf-fiche__valeur\">10 min<\/span><\/li><li><span class=\"ksf-fiche__label\">Cocci\u00f3n<\/span><span class=\"ksf-fiche__valeur\">20 min<\/span><\/li><li><span class=\"ksf-fiche__label\">Dificultad<\/span><span class=\"ksf-fiche__valeur\">F\u00e1cil<\/span><\/li><\/ul><ul class=\"ksf-fiche__regimes\"><li><a href=\"https:\/\/caro.stibinik.com\/es\/recetas\/dieta\/proteina-vegetal\/\">Prote\u00edna vegetal<\/a><\/li><li><a href=\"https:\/\/caro.stibinik.com\/es\/recetas\/dieta\/sin-azucar-refinado\/\">Sin az\u00facar refinado<\/a><\/li><li><a href=\"https:\/\/caro.stibinik.com\/es\/recetas\/dieta\/sin-gluten\/\">Sin gluten<\/a><\/li><li><a href=\"https:\/\/caro.stibinik.com\/es\/recetas\/dieta\/sin-lactosa\/\">Sin lactosa<\/a><\/li><li><a href=\"https:\/\/caro.stibinik.com\/es\/recetas\/dieta\/sin-soja\/\">Sin soja<\/a><\/li><li><a href=\"https:\/\/caro.stibinik.com\/es\/recetas\/dieta\/vegetariano\/\">Vegetariano<\/a><\/li><\/ul><\/div>\n\n\n<p class=\"is-style-lead wp-block-paragraph\">El membrillo, \u00e1spero en crudo, se vuelve tierno y arom\u00e1tico al cocerse. Junto a la quinua y los d\u00e1tiles da un porridge naturalmente dulce que sostiene toda la ma\u00f1ana.<\/p>\n\n<h2 class=\"wp-block-heading\">Ingredientes<\/h2>\n\n<ul class=\"wp-block-list\"><li>200 g de quinua<\/li><li>1 membrillo<\/li><li>12 d\u00e1tiles<\/li><li>1 rama de canela<\/li><li>1 pizca de sal<\/li><\/ul>\n\n<h2 class=\"wp-block-heading\">Preparaci\u00f3n<\/h2>\n\n<div class=\"ksf-etape\"><span class=\"ksf-etape__num\">1<\/span><p class=\"ksf-etape__texte\">En una olla, reunir el agua, la quinua, la sal, los d\u00e1tiles, el membrillo pelado y troceado y la canela. Llevar a ebullici\u00f3n, bajar el fuego y cocer a fuego lento hasta que se absorba el l\u00edquido, removiendo con frecuencia.<\/p><\/div>\n\n<div class=\"ksf-etape\"><span class=\"ksf-etape__num\">2<\/span><p class=\"ksf-etape__texte\">Verter en un bol o un vaso y coronar con leche de coco, bolitas de polen, bayas de goji, miel cruda, canela en polvo y la fruta que prefiera.<\/p><div class=\"ksf-etape__photos\"><a href=\"https:\/\/caro.stibinik.com\/wp-content\/uploads\/2026\/07\/quinoa-quince-porridge-00.jpg\"><img loading=\"lazy\" width=\"1024\" height=\"1024\" src=\"https:\/\/caro.stibinik.com\/wp-content\/uploads\/2026\/07\/quinoa-quince-porridge-00-1024x1024.jpg\" class=\"attachment-large size-large\" alt=\"Porridge de quinoa au coing\" loading=\"lazy\" decoding=\"async\" srcset=\"https:\/\/caro.stibinik.com\/wp-content\/uploads\/2026\/07\/quinoa-quince-porridge-00-1024x1024.jpg 1024w, https:\/\/caro.stibinik.com\/wp-content\/uploads\/2026\/07\/quinoa-quince-porridge-00-300x300.jpg 300w, https:\/\/caro.stibinik.com\/wp-content\/uploads\/2026\/07\/quinoa-quince-porridge-00-150x150.jpg 150w, https:\/\/caro.stibinik.com\/wp-content\/uploads\/2026\/07\/quinoa-quince-porridge-00-768x768.jpg 768w, https:\/\/caro.stibinik.com\/wp-content\/uploads\/2026\/07\/quinoa-quince-porridge-00-600x600.jpg 600w, https:\/\/caro.stibinik.com\/wp-content\/uploads\/2026\/07\/quinoa-quince-porridge-00.jpg 1440w\" sizes=\"auto, (max-width: 1024px) 100vw, 1024px\" \/><\/a><\/div><\/div>\n\n<figure class=\"wp-block-gallery has-nested-images columns-default is-cropped wp-block-gallery-1 is-layout-flex wp-block-gallery-is-layout-flex\"><figure class=\"wp-block-image size-large\"><a href=\"https:\/\/caro.stibinik.com\/wp-content\/uploads\/2026\/07\/quinoa-quince-porridge-00.jpg\"><img fetchpriority=\"high\" decoding=\"async\" width=\"1024\" height=\"1024\" data-id=\"246\" src=\"https:\/\/caro.stibinik.com\/wp-content\/uploads\/2026\/07\/quinoa-quince-porridge-00-1024x1024.jpg\" alt=\"\" class=\"wp-image-246\" srcset=\"https:\/\/caro.stibinik.com\/wp-content\/uploads\/2026\/07\/quinoa-quince-porridge-00-1024x1024.jpg 1024w, https:\/\/caro.stibinik.com\/wp-content\/uploads\/2026\/07\/quinoa-quince-porridge-00-300x300.jpg 300w, https:\/\/caro.stibinik.com\/wp-content\/uploads\/2026\/07\/quinoa-quince-porridge-00-150x150.jpg 150w, https:\/\/caro.stibinik.com\/wp-content\/uploads\/2026\/07\/quinoa-quince-porridge-00-768x768.jpg 768w, https:\/\/caro.stibinik.com\/wp-content\/uploads\/2026\/07\/quinoa-quince-porridge-00-600x600.jpg 600w, https:\/\/caro.stibinik.com\/wp-content\/uploads\/2026\/07\/quinoa-quince-porridge-00.jpg 1440w\" sizes=\"(max-width: 1024px) 100vw, 1024px\" \/><\/a><\/figure><\/figure>","protected":false},"excerpt":{"rendered":"<p>Un porridge de quinua cocido a fuego lento con membrillo, d\u00e1tiles y canela \u2014 sin gluten y sin az\u00facar a\u00f1adido.<\/p>\n","protected":false},"featured_media":250,"menu_order":0,"template":"","meta":{"_ksf_portions":"2 raciones","_ksf_temps_prep":"10","_ksf_temps_repos":"","_ksf_temps_cuisan":"20","_ksf_difficulte":"facile","footnotes":""},"ksf_recette_cat":[14],"ksf_regime":[226,210,202,206,214,198],"class_list":["post-313","ksf_recette","type-ksf_recette","status-publish","has-post-thumbnail","hentry","ksf_recette_cat-porridges-es","ksf_regime-proteina-vegetal","ksf_regime-sin-azucar-refinado","ksf_regime-sin-gluten","ksf_regime-sin-lactosa","ksf_regime-sin-soja","ksf_regime-vegetariano"],"_links":{"self":[{"href":"https:\/\/caro.stibinik.com\/es\/wp-json\/wp\/v2\/ksf_recette\/313","targetHints":{"allow":["GET"]}}],"collection":[{"href":"https:\/\/caro.stibinik.com\/es\/wp-json\/wp\/v2\/ksf_recette"}],"about":[{"href":"https:\/\/caro.stibinik.com\/es\/wp-json\/wp\/v2\/types\/ksf_recette"}],"version-history":[{"count":1,"href":"https:\/\/caro.stibinik.com\/es\/wp-json\/wp\/v2\/ksf_recette\/313\/revisions"}],"predecessor-version":[{"id":326,"href":"https:\/\/caro.stibinik.com\/es\/wp-json\/wp\/v2\/ksf_recette\/313\/revisions\/326"}],"wp:featuredmedia":[{"embeddable":true,"href":"https:\/\/caro.stibinik.com\/es\/wp-json\/wp\/v2\/media\/250"}],"wp:attachment":[{"href":"https:\/\/caro.stibinik.com\/es\/wp-json\/wp\/v2\/media?parent=313"}],"wp:term":[{"taxonomy":"ksf_recette_cat","embeddable":true,"href":"https:\/\/caro.stibinik.com\/es\/wp-json\/wp\/v2\/ksf_recette_cat?post=313"},{"taxonomy":"ksf_regime","embeddable":true,"href":"https:\/\/caro.stibinik.com\/es\/wp-json\/wp\/v2\/ksf_regime?post=313"}],"curies":[{"name":"wp","href":"https:\/\/api.w.org\/{rel}","templated":true}]}}